{"id":7319,"date":"2022-01-09T14:40:21","date_gmt":"2022-01-09T13:40:21","guid":{"rendered":"https:\/\/www.freydis.de\/wordpress\/?page_id=7319"},"modified":"2022-11-16T11:08:36","modified_gmt":"2022-11-16T10:08:36","slug":"toernplan-2022","status":"publish","type":"page","link":"https:\/\/www.freydis.de\/wordpress\/toernplaene\/toernplan-2022\/","title":{"rendered":"T\u00f6rnplan 2022"},"content":{"rendered":"<div class=\"su-note\"  style=\"border-color:#d51913;border-radius:3px;-moz-border-radius:3px;-webkit-border-radius:3px;\"><div class=\"su-note-inner su-u-clearfix su-u-trim\" style=\"background-color:#ef332d;border-color:#fffff9;color:#eee;border-radius:3px;-moz-border-radius:3px;-webkit-border-radius:3px;\">Der Skipper ist erkrankt (Lymphom).<br \/>Der T\u00f6rn kann deshalb nicht durchgef\u00fchrt werden.<\/div><\/div>\n\n\n\n<figure class=\"wp-block-image size-full is-resized\"><a href=\"https:\/\/www.freydis.de\/wordpress\/wp-content\/uploads\/2022\/01\/Toernplan-2022-Nordatlantik-Teil-III-web.png\"><img loading=\"lazy\" decoding=\"async\" src=\"https:\/\/www.freydis.de\/wordpress\/wp-content\/uploads\/2022\/01\/Toernplan-2022-Nordatlantik-Teil-III-web.png\" alt=\"\" class=\"wp-image-7320\" width=\"675\" height=\"111\" srcset=\"https:\/\/www.freydis.de\/wordpress\/wp-content\/uploads\/2022\/01\/Toernplan-2022-Nordatlantik-Teil-III-web.png 900w, https:\/\/www.freydis.de\/wordpress\/wp-content\/uploads\/2022\/01\/Toernplan-2022-Nordatlantik-Teil-III-web-300x49.png 300w, https:\/\/www.freydis.de\/wordpress\/wp-content\/uploads\/2022\/01\/Toernplan-2022-Nordatlantik-Teil-III-web-768x126.png 768w\" sizes=\"auto, (max-width: 675px) 100vw, 675px\" \/><\/a><\/figure>\n\n\n<div class=\"su-note\"  style=\"border-color:#0e57ab;border-radius:3px;-moz-border-radius:3px;-webkit-border-radius:3px;\"><div class=\"su-note-inner su-u-clearfix su-u-trim\" style=\"background-color:#2871c5;border-color:#f4ffff;color:#eee;border-radius:3px;-moz-border-radius:3px;-webkit-border-radius:3px;\">Stand 1. Januar 2022 &#8211; \u00c4nderungen vorbehalten<\/div><\/div>\n\n\n\n<p><strong>T\u00d6RNPLAN 2022&nbsp;&nbsp;&nbsp;&nbsp;&nbsp;Island \u2013 Gr\u00f6nland \u2013 F\u00e4r\u00f6er \u2013 Schottland<\/strong><\/p>\n\n\n\n<p><strong>T\u00f6rn I&nbsp;&nbsp;&nbsp;&nbsp;Isafj\u00f6rdur \u2013 Kangerlussuaq-Fjord \u2013 Scoresbysund \u2013 Grimsey &#8211; Husavik<\/strong><\/p>\n\n\n\n<p>3 Wochen von Freitag, 01. bis Donnerstag , 21. Juli 2022, ca. 1.000 sm<\/p>\n\n\n\n<p>Pause in Husavik vom 22. bis 28. Juli 2022<\/p>\n\n\n\n<p><strong>T\u00f6rn II&nbsp;&nbsp;&nbsp;&nbsp;Husavik &#8211; Grimsey \u2013 H\u00f6fn&nbsp;<em>Vatnaj\u00f6kull) \u2013&nbsp;<\/em>Torshavn\/F\u00e4r\u00f6er&nbsp;&nbsp;<\/strong><\/p>\n\n\n\n<p>2 1\/2 Wochen von Freitag, 29. Juli bis Sonntag 14. August 202,&nbsp;&nbsp;ca. 600 sm<\/p>\n\n\n\n<p>Pause in Torshavn vom 15. bis 19. August<\/p>\n\n\n\n<p><strong>T\u00f6rn III&nbsp;&nbsp;&nbsp;F\u00e4r\u00f6er \u2013 Fair Isle \u2013 Orkneys \u2013 Inverness \u2013 Kaledonien Kanal &#8211; Oban&nbsp;&nbsp;&nbsp;&nbsp;&nbsp;&nbsp;&nbsp;&nbsp;<\/strong><\/p>\n\n\n\n<p>2 1\/2 Wochen von Samstag, 20. August bis Montag, 5. September 2020&nbsp;&nbsp;ca 500 sm<\/p>\n\n\n\n<p><a><strong>F\u00fcr alle T\u00f6rns gilt<\/strong><\/a>:<\/p>\n\n\n\n<p>Einchecken an Bord am Tag&nbsp;<strong>vor<\/strong>&nbsp;T\u00f6rnbeginn, m\u00f6glichst bis 16:00 Uhr zum Kaffee. Danach folgen Einweisung und T\u00f6rnbesprechung. Auschecken am letzten Tag des T\u00f6rns.<\/p>\n\n\n\n<p>Wie immer werden wir vor den T\u00f6rns&nbsp;<strong>Crewtreffen&nbsp;<\/strong>bei uns in Heidelberg arrangieren!<\/p>\n\n\n\n<p><strong>T\u00f6rnkritiken von Mitseglern aus den Vorjahren<\/strong>&nbsp;findet Ihr unter:<\/p>\n\n\n<a href=\"https:\/\/www.freydis.de\/wordpress\/groenland-kann-mir-gestohlen-bleiben\/\" class=\"su-button su-button-style-default su-button-wide\" style=\"color:#FFFFFF;background-color:#ef332d;border-color:#c02924;border-radius:5px\" target=\"_self\"><span style=\"color:#FFFFFF;padding:6px 18px;font-size:14px;line-height:21px;border-color:#f4716c;border-radius:5px;text-shadow:none\"><i class=\"sui sui-thumbs-up\" style=\"font-size:14px;color:#FFFFFF\"><\/i> T\u00f6rn-Kritiken 2018 Gr\u00f6nland<\/span><\/a>\n\n\n<a href=\"https:\/\/www.freydis.de\/wordpress\/crew\/toerns-kommentare-und-kritiken\/\" class=\"su-button su-button-style-default su-button-wide\" style=\"color:#FFFFFF;background-color:#ef332d;border-color:#c02924;border-radius:5px\" target=\"_self\"><span style=\"color:#FFFFFF;padding:6px 18px;font-size:14px;line-height:21px;border-color:#f4716c;border-radius:5px;text-shadow:none\"><i class=\"sui sui-thumbs-up\" style=\"font-size:14px;color:#FFFFFF\"><\/i> T\u00f6rn-Kritiken aus den Vorjahren<\/span><\/a>\n\n\n\n<p><strong>Erl\u00e4uterungen zum T\u00f6rnplan 2022<\/strong><\/p>\n\n\n\n<p><strong>F\u00fcr alle T\u00f6rns gilt:&nbsp;&nbsp;<\/strong>Auf allen drei T\u00f6rns werden wir wieder von \u201eWetterWelt\u201c aus Kiel \u00fcber Iridium-Satphone beraten und nehmen beim T\u00f6rnverlauf R\u00fccksicht auf die jeweilige Wetterlage. Das kann zu einer anderen Route als im Plan f\u00fchren. Allerdings hat &#8211; wie bisher auf allen T\u00f6rns der Vergangenheit &#8211; neben der Sicherheit f\u00fcr Crew und Schiff das p\u00fcnktliche Erreichen des geplanten Zielhafens oberste Priorit\u00e4t, damit die geplanten Crewwechsel problemlos stattfinden k\u00f6nnen.<\/p>\n\n\n\n<p><strong>Zu T\u00f6rn I:&nbsp;Island\/Gr\u00f6nland&nbsp;&nbsp;vom 1. bis 21. Juli<\/strong><\/p>\n\n\n\n<p>Wir wollen die Reise an der gr\u00f6nl\u00e4ndischen K\u00fcste dort fortsetzen, wo wir in 2021 wegen Wetter und Eis umdrehen mussten. Siehe auch Heides Bericht auf unserem Blog:<\/p>\n\n\n\n<figure class=\"wp-block-embed is-type-wp-embed is-provider-mit-der-freydis-von-pol-zu-pol wp-block-embed-mit-der-freydis-von-pol-zu-pol\"><div class=\"wp-block-embed__wrapper\">\n<blockquote class=\"wp-embedded-content\" data-secret=\"06lv6SZhCG\"><a href=\"https:\/\/www.freydis.de\/wordpress\/5500-meilen-auf-arktischem-kurs-teil-3\/\">5.500 Meilen auf arktischem Kurs &#8211; Finale<\/a><\/blockquote><iframe loading=\"lazy\" class=\"wp-embedded-content\" sandbox=\"allow-scripts\" security=\"restricted\" style=\"position: absolute; clip: rect(1px, 1px, 1px, 1px);\" title=\"&#8222;5.500 Meilen auf arktischem Kurs &#8211; Finale&#8220; &#8212; Mit der Freydis von Pol zu Pol\" src=\"https:\/\/www.freydis.de\/wordpress\/5500-meilen-auf-arktischem-kurs-teil-3\/embed\/#?secret=kl9ZaYrAZU#?secret=06lv6SZhCG\" data-secret=\"06lv6SZhCG\" width=\"600\" height=\"338\" frameborder=\"0\" marginwidth=\"0\" marginheight=\"0\" scrolling=\"no\"><\/iframe>\n<\/div><\/figure>\n\n\n\n<p>Erstes Ziel ist die Kraemer Insel (68\u00b0 10\u00b4N und 31\u00b045\u00b4W) im Kangerlussuaq-Fjord. Dann arbeiten wir uns die K\u00fcste rauf Richtung Scoresbysund. In diesem Sund und der kleinen gleichnamigen Ortschaft waren wir 1986 als erste deutsche Yacht \u00fcberhaupt.<\/p>\n\n\n\n<p>Wir verzichten hier darauf, anzuf\u00fchren, was alles so passieren kann und welche Hindernisse sich uns in den Weg stellen k\u00f6nnen. Soviel ist sicher: Den Scoresbysund zu erreichen, ist auch heute noch eine echte Herausforderung. Und wir weisen Euch auf zwei Quellen hin: Zum einen Heides Buch \u00fcber die damalige Reise mit dem Titel \u201eWO BERGE SEGELN\u201c, bei uns erh\u00e4ltlich sowie bei amazon als E-Book \u2013 und auf das&nbsp;Buch von&nbsp;Arved Fuchs<\/p>\n\n\n\n<p>GR\u00d6NLAND \u2013 Meine Abenteuer in Eis und Schnee, Bielefeld 2015. Eine Seite aus diesem Buch haben wir hier im Anschluss auszugsweise aufgef\u00fchrt:<\/p>\n\n\n\n<p>O s t g r \u00f6 n l a n d&nbsp;&nbsp;TUNU &#8211; Die abgewandte Seite<\/p>\n\n\n\n<p>Untersch\u00e4tzt nicht die m\u00f6glichen Schwierigkeiten dieses Abschnitts.<\/p>\n\n\n\n<p><strong>Zu T\u00f6rn II:&nbsp;29. Juli bis 14. August&nbsp;&nbsp;von Husavik \u00fcber Grimsey und H\u00f6fn zu den F\u00e4r\u00f6ern<\/strong><\/p>\n\n\n\n<p>Von Husavik aus besuchen wir die n\u00f6rdlichste Insel Islands, die auf dem Polarkreis gelegene Insel Grimsey. Von dort geht es im Uhrzeigersinn an der Ostk\u00fcste Islands entlang bis zum kleinen Fischereihafen H\u00f6fn am Fu\u00dfe des m\u00e4chtigen Vatnaj\u00f6kull, des gr\u00f6\u00dften Gletschers Europas. Von dort \u00fcbers Europ\u00e4ische Nordmeer zu den F\u00e4r\u00f6ern. Dort endet der T\u00f6rn in der kleinen Hauptstadt Torshavn.<\/p>\n\n\n\n<p><strong>Zu T\u00f6rn III:<\/strong><strong>&nbsp;20. August bis 5. September 2020&nbsp;&nbsp;F\u00e4r\u00f6er \u2013 Fair Isle \u2013 Orkneys \u2013 Kaledonien Kanal &#8211; Oban<\/strong><\/p>\n\n\n\n<p>Der sehr abwechslungsreiche T\u00f6rn f\u00fchrt zu einer Insel, an der wir schon etliche Male in 60 Jahren vorbei gesegelt sind, auf der wir aber noch nie anlegen konnten: FAIR ISLE. Diesmal ist sie dran! Von dort wollen wir zu den Orkneys nach Kirkwall und Scapa Flow und von dort \u00fcber Inverness in den Neukaledonien Kanal.<\/p>\n\n\n\n<p>Ziel dieses T\u00f6rns ist die Marina CRAOBH HAVEN bei Oban, ein Geheimtipp unserer Freunde Bert und Marlene. Pos 56\u00b012.665N . 5\u00b033.076W. Der Flughafen von Glasgow ist in der N\u00e4he.<\/p>\n\n\n\n<p><strong>T\u00f6rngeb\u00fchren pro T\u00f6rn:<\/strong><\/p>\n\n\n\n<p>T\u00f6rn I&nbsp;&nbsp;&nbsp;&nbsp;&nbsp;&nbsp;&nbsp;&nbsp;&nbsp;&nbsp;&nbsp;&nbsp;&nbsp;&nbsp;&nbsp;&nbsp;&nbsp;&nbsp;3&nbsp;&nbsp;Wochen&nbsp;&nbsp;&nbsp;&nbsp;&nbsp;&nbsp;&nbsp;&nbsp;&nbsp;&nbsp;&nbsp;&nbsp;&nbsp;&nbsp;&nbsp;&nbsp;&nbsp;&nbsp;&nbsp;&nbsp;&nbsp;3.000,-<\/p>\n\n\n\n<p>T\u00f6rn II&nbsp;&nbsp;&nbsp;&nbsp;&nbsp;&nbsp;&nbsp;&nbsp;&nbsp;&nbsp;&nbsp;&nbsp;&nbsp;&nbsp;&nbsp;&nbsp;&nbsp;2 \u00bd Wochen&nbsp;&nbsp;&nbsp;&nbsp;&nbsp;&nbsp;&nbsp;&nbsp;&nbsp;&nbsp;&nbsp;&nbsp;&nbsp;&nbsp;&nbsp;&nbsp;&nbsp;&nbsp;2.490,-<\/p>\n\n\n\n<p>T\u00f6rn III&nbsp;&nbsp;&nbsp;&nbsp;&nbsp;&nbsp;&nbsp;&nbsp;&nbsp;&nbsp;&nbsp;&nbsp;&nbsp;&nbsp;&nbsp;&nbsp;2&nbsp;\u00bd&nbsp;Wochen&nbsp;&nbsp;&nbsp;&nbsp;&nbsp;&nbsp;&nbsp;&nbsp;&nbsp;&nbsp;&nbsp;&nbsp;&nbsp;&nbsp;&nbsp;&nbsp;&nbsp;&nbsp;&nbsp;&nbsp;2.490,-<\/p>\n\n\n\n<p><strong>Bordkasse:<\/strong><\/p>\n\n\n\n<p>Die&nbsp;<strong>anteilige Bordkasse&nbsp;<\/strong>beinhaltet Verpflegung und Getr\u00e4nke an Bord sowie andere laufende Kosten, die diesen T\u00f6rnabschnitt betreffen, wie Treibstoff, Gas und Heizung, Hafen- und Liegegeb\u00fchren, Seekarten und Handb\u00fccher des Reviers, Wetterberatung \u00fcber Satellitentelefon, nicht jedoch Eintrittsgeb\u00fchren in Nationalparks und \u00e4hnliche Einrichtungen und evtl. Corona-tests. Ausw\u00e4rtige Essen zahlt jeder f\u00fcr sich, das gilt auch f\u00fcr das Skipperpaar.<\/p>\n\n\n\n<p>Wir setzen bei 7-8 k\u00f6pfiger Crew (einschl. Skipper) f\u00fcr die T\u00f6rns 55,- Euro pro Tag und Teilnehmer an.<\/p>\n\n\n\n<p>Bez\u00fcglich der Flugpreise haben wir uns sehr genau informiert: Sie sind \u00fcberraschend g\u00fcnstig f\u00fcr diese Reisen. ATLASREISEN Deck 11 in Bemerhaven und Cuxhaven hat f\u00fcr die vier T\u00f6rns Fl\u00fcge und Preise recherchiert. Lasst Euch Angebote geben von Deck 11, Am L\u00e4ngengrad 12, 27568 Bremerhaven. Es betreuen uns seit vielen Jahren Herr Bernd Sekula, Frau Maria Sanchez und Frau Gesa Z\u00f6llmann. Mail: bsekula@deck11.de oder info@deck11.de. Telefon 04721- 6982623 oder 0471-94189999. Der T\u00f6rnplan liegt der Agentur vor.<\/p>\n\n\n\n<p>Anreisetag und Einchecken an Bord: jeweils am Tag vor dem eigentlichen T\u00f6rnbeginn. Abreise am letzten Tag des T\u00f6rns, nachdem das Schiff aufgeklart wurde.<\/p>\n\n\n\n<p><strong>Vergesst bitte nicht, eine Reiser\u00fccktrittsversicherung abzuschlie\u00dfen, die auch T\u00f6rngeb\u00fchr und Bordkasse beinhaltet.<\/strong><\/p>\n\n\n\n<p>Weitere Infos \u00fcber Gr\u00f6nland:<\/p>\n\n\n\n<p>Von Heide: WO BERGE SEGELN&nbsp;&nbsp;&nbsp;Als Buch bei uns, als E-Book bei amazon<\/p>\n\n\n\n<p>in der YACHT 1\/2022&nbsp;&nbsp;FEUER UND EIS<\/p>\n\n\n\n<p>\u2026.in Magazin SEGELN Heft 3 + 4 2019 Von Polarkreis zu Polarkreis (siehe <a href=\"https:\/\/www.freydis.de\/wordpress\/wp-content\/uploads\/2019\/04\/Groenland-II.pdf)\">https:\/\/www.freydis.de\/wordpress\/wp-content\/uploads\/2019\/04\/Groenland-II.pdf)<\/a><\/p>\n\n\n\n<p>auf unserem Blog diverse Beitr\u00e4ge in 2020\/21<\/p>\n\n\n\n<p>und aus dem Buch von&nbsp;Arved Fuchs<\/p>\n\n\n\n<p>&nbsp;GR\u00d6NLAND \u2013 Meine Abenteuer in Eis und Schnee, Bielefeld 2015:<\/p>\n\n\n\n<p>O s t g r \u00f6 n l a n d&nbsp;&nbsp;<strong>TUNU &#8211; Die abgewandte Seite<\/strong><\/p>\n\n\n\n<p>\u201eEs ist die gewaltigste Landschaft, die der gesamte arktische Raum zu bieten hat: der Osten Gr\u00f6nlands. \u201eTunu \u2013 die abgewandte Seite\u201c wird dieser Teil Gr\u00f6nlands von seinen Bewohnern genannt. Diese Bezeichnung sagt alles aus. Es ist die Schattenseite \u2013 obwohl im Osten die Sonne aufgeht. Es ist der Teil Gr\u00f6nlands, der sich dem menschlichen Zugriff weitgehend entzieht. Schroff, abweisend, die K\u00fcste wie durch ein Bollwerk von den meterdicken Packeisfeldern des Ostgr\u00f6nlandstromes abgeschottet, darin eingebettet ungez\u00e4hlte Eisberge, die wie bizarre Kastelle wirken. Und dann die Piteraqs: Furchtbare St\u00fcrme, die j\u00e4h und unvermittelt auftreten, Windgeschwindigkeiten von weit \u00fcber 200 Stundenkilometern erreichen und selbst faustgro\u00dfe Fels- und Eisst\u00fccke wie Geschosse durch die Luft fliegen lassen. Orkanartige St\u00fcrme, die pl\u00f6tzlich und mit aller Heftigkeit einsetzen, gibt es h\u00e4ufig auf Gr\u00f6nland, sowohl im Westen als auch im Osten. Aber keiner ist so gef\u00fcrchtet wie der Piteraq, der nur an der Ostk\u00fcste vorkommt. Mit ungeheurer Wucht bricht er aus, wirft Boote um, dr\u00fcckt T\u00fcren ein und versetzt Menschen und Tiere in Angst und Schrecken. Wehe dem J\u00e4ger, der sich nicht rechtzeitig in Sicherheit bringen kann. Der Sturm ist wirklich lebensgef\u00e4hrlich \u2013 jedes Kind w\u00e4chst in diesem Bewu\u00dftsein auf. Und wenn der Sturm nicht weht, ziehen dicke, nasse und bleischwer wirkende Nebelb\u00e4nke auf. Das ist der Sommer \u2013 unterbrochen von sonnendurchfluteten Stunden und Tagen, an denen man es problemlos im T-Shirt drau\u00dfen aush\u00e4lt \u2013 auch um Mitternacht, weil im Sommer die Sonne nicht untergeht.<\/p>\n\n\n\n<p>Die l\u00e4ngste Zeit des Jahres aber herrscht Winter mit bitterer K\u00e4lte und flammenden Polarlichtern. Wer einen der sonnigen, stillen Tage erwischt, wird der gl\u00fccklichste Mensch der Welt sein. Die Szenerie ist magisch und mit einem hohen Suchtpotential versehen. Wer glaubt, die Berge und Fjorde im Westen Gr\u00f6nlands sind an Urgewalt nicht zu \u00fcbertreffen, der hat den Osten noch nicht gesehen. Dort ist alles noch gewaltiger, einsamer, wilder, bedrohlicher, archaischer\u2026.\u201c<\/p>\n\n\n\n<p><strong>Die Routen der Freydis Gr\u00f6nland\/Island\/Spitzbergen 1964 bis 2019<\/strong><\/p>\n\n\n\n<figure class=\"wp-block-image size-large is-resized\"><a href=\"https:\/\/www.freydis.de\/wordpress\/wp-content\/uploads\/2022\/01\/bild.jpg\"><img loading=\"lazy\" decoding=\"async\" src=\"https:\/\/www.freydis.de\/wordpress\/wp-content\/uploads\/2022\/01\/bild-759x1024.jpg\" alt=\"\" class=\"wp-image-7350\" width=\"500\" height=\"674\" srcset=\"https:\/\/www.freydis.de\/wordpress\/wp-content\/uploads\/2022\/01\/bild-759x1024.jpg 759w, https:\/\/www.freydis.de\/wordpress\/wp-content\/uploads\/2022\/01\/bild-222x300.jpg 222w, https:\/\/www.freydis.de\/wordpress\/wp-content\/uploads\/2022\/01\/bild-768x1036.jpg 768w, https:\/\/www.freydis.de\/wordpress\/wp-content\/uploads\/2022\/01\/bild.jpg 949w\" sizes=\"auto, (max-width: 500px) 100vw, 500px\" \/><\/a><\/figure>\n","protected":false},"excerpt":{"rendered":"<p>T\u00d6RNPLAN 2022&nbsp;&nbsp;&nbsp;&nbsp;&nbsp;Island \u2013 Gr\u00f6nland \u2013 F\u00e4r\u00f6er \u2013 Schottland T\u00f6rn I&nbsp;&nbsp;&nbsp;&nbsp;Isafj\u00f6rdur \u2013 Kangerlussuaq-Fjord \u2013 Scoresbysund \u2013 Grimsey &#8211; Husavik 3 Wochen von Freitag, 01. bis Donnerstag , 21. Juli 2022, ca. 1.000 sm Pause in Husavik vom 22. bis 28. Juli &hellip; <a href=\"https:\/\/www.freydis.de\/wordpress\/toernplaene\/toernplan-2022\/\">Weiterlesen <span class=\"meta-nav\">&rarr;<\/span><\/a><\/p>\n","protected":false},"author":3,"featured_media":0,"parent":953,"menu_order":94,"comment_status":"closed","ping_status":"closed","template":"","meta":{"footnotes":""},"class_list":["post-7319","page","type-page","status-publish","hentry"],"jetpack_sharing_enabled":true,"_links":{"self":[{"href":"https:\/\/www.freydis.de\/wordpress\/wp-json\/wp\/v2\/pages\/7319","targetHints":{"allow":["GET"]}}],"collection":[{"href":"https:\/\/www.freydis.de\/wordpress\/wp-json\/wp\/v2\/pages"}],"about":[{"href":"https:\/\/www.freydis.de\/wordpress\/wp-json\/wp\/v2\/types\/page"}],"author":[{"embeddable":true,"href":"https:\/\/www.freydis.de\/wordpress\/wp-json\/wp\/v2\/users\/3"}],"replies":[{"embeddable":true,"href":"https:\/\/www.freydis.de\/wordpress\/wp-json\/wp\/v2\/comments?post=7319"}],"version-history":[{"count":9,"href":"https:\/\/www.freydis.de\/wordpress\/wp-json\/wp\/v2\/pages\/7319\/revisions"}],"predecessor-version":[{"id":7661,"href":"https:\/\/www.freydis.de\/wordpress\/wp-json\/wp\/v2\/pages\/7319\/revisions\/7661"}],"up":[{"embeddable":true,"href":"https:\/\/www.freydis.de\/wordpress\/wp-json\/wp\/v2\/pages\/953"}],"wp:attachment":[{"href":"https:\/\/www.freydis.de\/wordpress\/wp-json\/wp\/v2\/media?parent=7319"}],"curies":[{"name":"wp","href":"https:\/\/api.w.org\/{rel}","templated":true}]}}